{"id":739,"date":"2018-11-26T14:27:28","date_gmt":"2018-11-26T13:27:28","guid":{"rendered":"https:\/\/larena-wuppertal.de\/?post_type=tribe_events&#038;p=739"},"modified":"2018-11-26T14:33:44","modified_gmt":"2018-11-26T13:33:44","slug":"a-trio-live-in-der-larena-eventlounge","status":"publish","type":"tribe_events","link":"https:\/\/larena-wuppertal.de\/?tribe_events=a-trio-live-in-der-larena-eventlounge","title":{"rendered":"A-Trio &#8211; live in der lar\u00e9na Eventlounge"},"content":{"rendered":"<p>A-Trio (Margarita Rumyantseva, Violine, Yuriy Broshel, Saxophon, Denis Ivanov, Klavier) pr\u00e4sentiert in ihrem Programm Silhouetten St\u00fccke von Shostakovitch, Peterson und Gershwin.<\/p>\n<p><img fetchpriority=\"high\" decoding=\"async\" class=\"alignleft size-large wp-image-742\" src=\"https:\/\/larena-wuppertal.de\/wp-content\/uploads\/2018\/11\/trio2-1-1024x849.png\" alt=\"\" width=\"1024\" height=\"849\" srcset=\"https:\/\/larena-wuppertal.de\/wp-content\/uploads\/2018\/11\/trio2-1-1024x849.png 1024w, https:\/\/larena-wuppertal.de\/wp-content\/uploads\/2018\/11\/trio2-1-300x249.png 300w, https:\/\/larena-wuppertal.de\/wp-content\/uploads\/2018\/11\/trio2-1-768x636.png 768w, https:\/\/larena-wuppertal.de\/wp-content\/uploads\/2018\/11\/trio2-1.png 1512w\" sizes=\"(max-width: 1024px) 100vw, 1024px\" \/><\/p>\n<p>&nbsp;<\/p>\n<p>A-Trio ist im Jahr 2014 in K\u00f6ln von Musikern, die eine enge<br \/>\nFreundschaft verbindet, gegr\u00fcndet worden. Das Repertoire des Trios<br \/>\norientiert sich vor allem an Neuer Musik. Selbst klassische St\u00fccke, die<br \/>\nan das Trio angepasst werden, erscheinen aufgrund der klangfarbigen<br \/>\nMischung der Instrumente neu. A-Trio arbeitet mit jungen Komponisten<br \/>\nzusammen, die ihre Werke speziell f\u00fcr die Instrumentenbesetzung des<br \/>\nTrios schreiben. Seit 2015 konzertierte das Ensemble erfolgreich in<br \/>\nDeutschland, Russland und Zypern.<\/p>\n<p>Eintritt frei. Um Ausgangsspende wird gebeten.<\/p>\n<p>Anmeldung unter<\/p>\n<p><img decoding=\"async\" class=\"alignnone size-full wp-image-210\" src=\"https:\/\/larena-wuppertal.de\/wp-content\/uploads\/2017\/06\/larenamail.jpg\" alt=\"\" width=\"204\" height=\"42\" \/><\/p>\n<p>oder direkt hier online buchen:<\/p>\n<p><a href=\"https:\/\/larena-wuppertal.de\/?page_id=339\"><strong>Zur Onlinebuchung<\/strong><\/a><\/p>\n<p>VVK: 00 \u20ac<\/p>\n<p>AK: 00 \u20ac<\/p>\n","protected":false},"excerpt":{"rendered":"<p>A-Trio (Margarita Rumyantseva, Violine, Yuriy Broshel, Saxophon, Denis Ivanov, Klavier) pr\u00e4sentiert in ihrem Programm Silhouetten St\u00fccke von Shostakovitch, Peterson und Gershwin. &nbsp; A-Trio ist im Jahr 2014 in K\u00f6ln von&hellip; <a class=\"more-link\" href=\"https:\/\/larena-wuppertal.de\/?tribe_events=a-trio-live-in-der-larena-eventlounge\"><span class=\"screen-reader-text\">A-Trio &#8211; live in der lar\u00e9na Eventlounge<\/span> weiterlesen<\/a><\/p>\n","protected":false},"author":1,"featured_media":0,"comment_status":"open","ping_status":"closed","template":"","meta":{"_price":"","_stock":"","_tribe_ticket_header":"","_tribe_default_ticket_provider":"","_tribe_ticket_capacity":"0","_ticket_start_date":"","_ticket_end_date":"","_tribe_ticket_show_description":"","_tribe_ticket_show_not_going":false,"_tribe_ticket_use_global_stock":"","_tribe_ticket_global_stock_level":"","_global_stock_mode":"","_global_stock_cap":"","_tribe_rsvp_for_event":"","_tribe_ticket_going_count":"","_tribe_ticket_not_going_count":"","_tribe_tickets_list":[],"_tribe_ticket_has_attendee_info_fields":false,"_tribe_events_status":"","_tribe_events_status_reason":"","footnotes":"","_links_to":"","_links_to_target":""},"tags":[],"tribe_events_cat":[],"class_list":["post-739","tribe_events","type-tribe_events","status-publish","hentry","entry"],"ticketed":false,"_links":{"self":[{"href":"https:\/\/larena-wuppertal.de\/index.php?rest_route=\/wp\/v2\/tribe_events\/739"}],"collection":[{"href":"https:\/\/larena-wuppertal.de\/index.php?rest_route=\/wp\/v2\/tribe_events"}],"about":[{"href":"https:\/\/larena-wuppertal.de\/index.php?rest_route=\/wp\/v2\/types\/tribe_events"}],"author":[{"embeddable":true,"href":"https:\/\/larena-wuppertal.de\/index.php?rest_route=\/wp\/v2\/users\/1"}],"replies":[{"embeddable":true,"href":"https:\/\/larena-wuppertal.de\/index.php?rest_route=%2Fwp%2Fv2%2Fcomments&post=739"}],"version-history":[{"count":5,"href":"https:\/\/larena-wuppertal.de\/index.php?rest_route=\/wp\/v2\/tribe_events\/739\/revisions"}],"predecessor-version":[{"id":745,"href":"https:\/\/larena-wuppertal.de\/index.php?rest_route=\/wp\/v2\/tribe_events\/739\/revisions\/745"}],"wp:attachment":[{"href":"https:\/\/larena-wuppertal.de\/index.php?rest_route=%2Fwp%2Fv2%2Fmedia&parent=739"}],"wp:term":[{"taxonomy":"post_tag","embeddable":true,"href":"https:\/\/larena-wuppertal.de\/index.php?rest_route=%2Fwp%2Fv2%2Ftags&post=739"},{"taxonomy":"tribe_events_cat","embeddable":true,"href":"https:\/\/larena-wuppertal.de\/index.php?rest_route=%2Fwp%2Fv2%2Ftribe_events_cat&post=739"}],"curies":[{"name":"wp","href":"https:\/\/api.w.org\/{rel}","templated":true}]}}